{"id":14043,"date":"2024-11-06T19:52:17","date_gmt":"2024-11-06T19:52:17","guid":{"rendered":"https:\/\/bahai.steincastle.com\/en\/?p=14043"},"modified":"2025-05-17T17:55:28","modified_gmt":"2025-05-17T15:55:28","slug":"les-figures-centrales-de-la-foi-bahaie","status":"publish","type":"page","link":"https:\/\/bahai.ch\/fr\/ce-que-croient-les-bahais\/les-figures-centrales-de-la-foi-bahaie\/","title":{"rendered":"Les figures centrales de la foi bah\u00e1\u2019\u00ede"},"content":{"rendered":"\t\t<div data-elementor-type=\"wp-post\" data-elementor-id=\"14043\" class=\"elementor elementor-14043\" data-elementor-post-type=\"page\">\n\t\t\t\t\t\t<section class=\"elementor-section elementor-top-section elementor-element elementor-element-4e266ca3 elementor-section-content-middle elementor-section-stretched section-spacing elementor-section-boxed elementor-section-height-default elementor-section-height-default\" data-id=\"4e266ca3\" data-element_type=\"section\" data-e-type=\"section\" data-settings=\"{&quot;background_background&quot;:&quot;classic&quot;,&quot;stretch_section&quot;:&quot;section-stretched&quot;}\">\n\t\t\t\t\t\t\t<div class=\"elementor-background-overlay\"><\/div>\n\t\t\t\t\t\t\t<div class=\"elementor-container elementor-column-gap-default\">\n\t\t\t\t\t<div class=\"elementor-column elementor-col-50 elementor-top-column elementor-element elementor-element-7b0a9c9\" data-id=\"7b0a9c9\" data-element_type=\"column\" data-e-type=\"column\">\n\t\t\t<div class=\"elementor-widget-wrap elementor-element-populated\">\n\t\t\t\t\t\t<div class=\"elementor-element elementor-element-43efb323 elementor-widget elementor-widget-heading\" data-id=\"43efb323\" data-element_type=\"widget\" data-e-type=\"widget\" data-widget_type=\"heading.default\">\n\t\t\t\t<div class=\"elementor-widget-container\">\n\t\t\t\t\t<h2 class=\"elementor-heading-title elementor-size-default\">Bah\u00e1\u2019u\u2019ll\u00e1h, \"Le gloire de Dieu\", fondateur de la foi bah\u00e1'\u00ede<\/h2>\t\t\t\t<\/div>\n\t\t\t\t<\/div>\n\t\t\t\t<div class=\"elementor-element elementor-element-57d3b305 elementor-widget elementor-widget-text-editor\" data-id=\"57d3b305\" data-element_type=\"widget\" data-e-type=\"widget\" data-widget_type=\"text-editor.default\">\n\t\t\t\t<div class=\"elementor-widget-container\">\n\t\t\t\t\t\t\t\t\t<p>Bah\u00e1\u2019u\u2019ll\u00e1h est n\u00e9 en novembre 1817 \u00e0 T\u00e9h\u00e9ran, en Iran. D\u00e9j\u00e0 lorsqu\u2019il \u00e9tait enfant, il montrait des signes de grandeur et de sagesse. Baha&rsquo;u&rsquo;ll\u00e1h est un titre qui veut dire \u00ab la Gloire de Dieu \u00bb en arabe.<\/p><h3>Bah\u00e1&rsquo;u&rsquo;ll\u00e1h d\u00e9cida de consacrer sa vie \u00e0 des actions charitables quand il \u00e9tait encore un jeune homme<\/h3><p>Apr\u00e8s la mort de Son p\u00e8re, ministre \u00e0 la cour du Sh\u00e1h, Bah\u00e1\u2019u\u2019ll\u00e1h refusa la carri\u00e8re minist\u00e9rielle qui Lui \u00e9tait ouverte dans le gouvernement. Au lieu de continuer \u00e0 mener une vie de pouvoir et de plaisir, il choisit de consacrer Son \u00e9nergie \u00e0 des activit\u00e9s philanthropiques et caritatives.<\/p><h3>Bah\u00e1&rsquo;u&rsquo;ll\u00e1h eut une vie de difficult\u00e9s et de tribulations<\/h3><p>Durant toute Sa vie, Bah\u00e1&rsquo;u&rsquo;ll\u00e1h fit face \u00e0 de nombreuses tribulations. Apr\u00e8s avoir \u00e9t\u00e9 incarc\u00e9r\u00e9 \u00e0 T\u00e9h\u00e9ran, Il fut envoy\u00e9 quatre fois en exil. Son dernier lieu d\u2019exil fut Saint-Jean-d\u2019Acre, ville p\u00e9nitentiaire en Palestine, sous le gouvernement de l\u2019Empire ottoman. La vie de Bah\u00e1&rsquo;u&rsquo;ll\u00e1h a \u00e9t\u00e9 une vie de souffrances, d\u2019exil et de pers\u00e9cutions.<\/p><h3>Le rayonnement de Bah\u00e1&rsquo;u&rsquo;ll\u00e1h a illumin\u00e9 le monde entier<\/h3><p>Plus loin Bah\u00e1&rsquo;u&rsquo;ll\u00e1h \u00e9tait exil\u00e9, plus nombreux \u00e9taient les gens attir\u00e9s par Ses enseignements, Son pouvoir et Sa majest\u00e9. Bah\u00e1\u2019u\u2019ll\u00e1h r\u00e9v\u00e9la la parole de Dieu en forme des pri\u00e8res et des tablettes pendant quarante ans et apporta Son amour et Son \u00e9nergie spirituelle au monde.<\/p><h3>Le lieu le plus sacr\u00e9 sur Terre: le tombeau de Bah\u00e1&rsquo;u&rsquo;ll\u00e1h<\/h3><p>Bah\u00e1\u2019u\u2019ll\u00e1h s\u2019\u00e9teignit en 1892. Pour les bah\u00e1\u2019\u00eds, Son tombeau, situ\u00e9 pr\u00e8s de Saint-Jean-d\u2019Acre, est le lieu le plus sacr\u00e9e sur terre.<\/p><p>Pour plus d\u2019informations sur la vie de Bah\u00e1\u2019u\u2019ll\u00e1h, vous pouvez <a href=\"https:\/\/www.bahai.org\/fr\/bahaullah\/\" target=\"_blank\" rel=\"noopener\">consulter le site bahai.org<\/a>.<\/p>\t\t\t\t\t\t\t\t<\/div>\n\t\t\t\t<\/div>\n\t\t\t\t\t<\/div>\n\t\t<\/div>\n\t\t\t\t<div class=\"elementor-column elementor-col-50 elementor-top-column elementor-element elementor-element-6425e7a1\" data-id=\"6425e7a1\" data-element_type=\"column\" data-e-type=\"column\" data-settings=\"{&quot;background_background&quot;:&quot;classic&quot;}\">\n\t\t\t<div class=\"elementor-widget-wrap elementor-element-populated\">\n\t\t\t\t\t\t<div class=\"elementor-element elementor-element-356574c elementor-widget elementor-widget-image\" data-id=\"356574c\" data-element_type=\"widget\" data-e-type=\"widget\" data-widget_type=\"image.default\">\n\t\t\t\t<div class=\"elementor-widget-container\">\n\t\t\t\t\t\t\t\t\t\t\t\t<figure class=\"wp-caption\">\n\t\t\t\t\t\t\t\t\t\t<img fetchpriority=\"high\" decoding=\"async\" width=\"683\" height=\"1024\" src=\"https:\/\/bahai.ch\/fr\/wp-content\/uploads\/sites\/2\/2024\/11\/bahaullah-683x1024.jpg\" class=\"attachment-large size-large wp-image-14894\" alt=\"\" srcset=\"https:\/\/bahai.ch\/fr\/wp-content\/uploads\/sites\/2\/2024\/11\/bahaullah-683x1024.jpg 683w, https:\/\/bahai.ch\/fr\/wp-content\/uploads\/sites\/2\/2024\/11\/bahaullah-200x300.jpg 200w, https:\/\/bahai.ch\/fr\/wp-content\/uploads\/sites\/2\/2024\/11\/bahaullah-768x1151.jpg 768w, https:\/\/bahai.ch\/fr\/wp-content\/uploads\/sites\/2\/2024\/11\/bahaullah.jpg 1000w\" sizes=\"(max-width: 683px) 100vw, 683px\" \/>\t\t\t\t\t\t\t\t\t\t\t<figcaption class=\"widget-image-caption wp-caption-text\">Entr\u00e9e du tombeau de Bah\u00e1'u'll\u00e1h, Bahji, Isra\u00ebl<\/figcaption>\n\t\t\t\t\t\t\t\t\t\t<\/figure>\n\t\t\t\t\t\t\t\t\t<\/div>\n\t\t\t\t<\/div>\n\t\t\t\t\t<\/div>\n\t\t<\/div>\n\t\t\t\t\t<\/div>\n\t\t<\/section>\n\t\t\t\t<section class=\"elementor-section elementor-top-section elementor-element elementor-element-94f36c6 elementor-section-content-middle elementor-section-stretched elementor-reverse-tablet elementor-reverse-mobile section-spacing elementor-section-boxed elementor-section-height-default elementor-section-height-default\" data-id=\"94f36c6\" data-element_type=\"section\" data-e-type=\"section\" data-settings=\"{&quot;background_background&quot;:&quot;classic&quot;,&quot;stretch_section&quot;:&quot;section-stretched&quot;}\">\n\t\t\t\t\t\t\t<div class=\"elementor-background-overlay\"><\/div>\n\t\t\t\t\t\t\t<div class=\"elementor-container elementor-column-gap-default\">\n\t\t\t\t\t<div class=\"elementor-column elementor-col-50 elementor-top-column elementor-element elementor-element-643ac91\" data-id=\"643ac91\" data-element_type=\"column\" data-e-type=\"column\">\n\t\t\t<div class=\"elementor-widget-wrap elementor-element-populated\">\n\t\t\t\t\t\t<div class=\"elementor-element elementor-element-fe1a1f1 elementor-widget elementor-widget-image\" data-id=\"fe1a1f1\" data-element_type=\"widget\" data-e-type=\"widget\" data-widget_type=\"image.default\">\n\t\t\t\t<div class=\"elementor-widget-container\">\n\t\t\t\t\t\t\t\t\t\t\t\t<figure class=\"wp-caption\">\n\t\t\t\t\t\t\t\t\t\t<img decoding=\"async\" width=\"683\" height=\"1024\" src=\"https:\/\/bahai.ch\/fr\/wp-content\/uploads\/sites\/2\/2024\/11\/bab-683x1024.jpg\" class=\"attachment-large size-large wp-image-14895\" alt=\"\" srcset=\"https:\/\/bahai.ch\/fr\/wp-content\/uploads\/sites\/2\/2024\/11\/bab-683x1024.jpg 683w, https:\/\/bahai.ch\/fr\/wp-content\/uploads\/sites\/2\/2024\/11\/bab-200x300.jpg 200w, https:\/\/bahai.ch\/fr\/wp-content\/uploads\/sites\/2\/2024\/11\/bab-768x1151.jpg 768w, https:\/\/bahai.ch\/fr\/wp-content\/uploads\/sites\/2\/2024\/11\/bab.jpg 1000w\" sizes=\"(max-width: 683px) 100vw, 683px\" \/>\t\t\t\t\t\t\t\t\t\t\t<figcaption class=\"widget-image-caption wp-caption-text\">D\u00f4me du tombeau du B\u00e1b, Ha\u00effa, Isra\u00ebl<\/figcaption>\n\t\t\t\t\t\t\t\t\t\t<\/figure>\n\t\t\t\t\t\t\t\t\t<\/div>\n\t\t\t\t<\/div>\n\t\t\t\t\t<\/div>\n\t\t<\/div>\n\t\t\t\t<div class=\"elementor-column elementor-col-50 elementor-top-column elementor-element elementor-element-ab88c8e\" data-id=\"ab88c8e\" data-element_type=\"column\" data-e-type=\"column\" data-settings=\"{&quot;background_background&quot;:&quot;classic&quot;}\">\n\t\t\t<div class=\"elementor-widget-wrap elementor-element-populated\">\n\t\t\t\t\t\t<div class=\"elementor-element elementor-element-064c09e elementor-widget elementor-widget-heading\" data-id=\"064c09e\" data-element_type=\"widget\" data-e-type=\"widget\" data-widget_type=\"heading.default\">\n\t\t\t\t<div class=\"elementor-widget-container\">\n\t\t\t\t\t<h2 class=\"elementor-heading-title elementor-size-default\">Le B\u00e1b, \"la Porte\", porteur d'esp\u00e9rance<\/h2>\t\t\t\t<\/div>\n\t\t\t\t<\/div>\n\t\t\t\t<div class=\"elementor-element elementor-element-5944d77 elementor-widget elementor-widget-text-editor\" data-id=\"5944d77\" data-element_type=\"widget\" data-e-type=\"widget\" data-widget_type=\"text-editor.default\">\n\t\t\t\t<div class=\"elementor-widget-container\">\n\t\t\t\t\t\t\t\t\t<p>Le B\u00e1b est n\u00e9 en 1819 en Iran. Il \u00e9tait un jeune marchand. Le nom qui lui a \u00e9t\u00e9 attribu\u00e9 signifie \u00ab\u00a0la Porte\u00a0\u00bb en arabe. En 1844, le B\u00e1b annon\u00e7a qu\u2019Il \u00e9tait le porteur d\u2019un message destin\u00e9 \u00e0 transformer l\u2019humanit\u00e9. \u00c0 une \u00e9poque o\u00f9 la Perse subissait un effondrement moral g\u00e9n\u00e9ral, Son message suscita de l&rsquo;enthousiasme et de l&rsquo;espoir dans toutes les classes sociales et attira rapidement des milliers d\u2019adeptes.<\/p><h3>Appel \u00e0 un renouveau spirituel<\/h3><p>Le B\u00e1b lan\u00e7a un appel \u00e0 faire une r\u00e9forme spirituelle et morale. Il oeuvra \u00e0 l\u2019am\u00e9lioration de la position de la femme et des conditions de vie des pauvres.<\/p><p>Les pr\u00e9ceptes du B\u00e1b pour le renouveau spirituel \u00e9taient r\u00e9volutionnaires. Il fonda Sa propre religion distincte et ind\u00e9pendante. Il inspira Ses adeptes \u00e0 transformer leurs vies et \u00e0 accomplir de grands actes h\u00e9ro\u00efques. Sa mission dura seulement six ans.<\/p><p>Son but \u00e9tait de pr\u00e9parer l&rsquo;humanit\u00e9 \u00e0 la venue de Bah\u00e1\u2019u\u2019ll\u00e1h.<\/p><h3>Le martyre du B\u00e1b<\/h3><p>Le message r\u00e9volutionnaire du B\u00e1b causa la col\u00e8re des autorit\u00e9s civiles et religieuses, ce qui entra\u00eena des pers\u00e9cutions. Il fut martyris\u00e9 en 1850 par un r\u00e9giment de soldats.<\/p><p>Bah\u00e1&rsquo;u&rsquo;ll\u00e1h Lui-m\u00eame avait d\u00e9sign\u00e9 le lieu sur les pentes du Mont Carmel, \u00e0 Ha\u00effa, ou il fallait \u00e9riger le tombeau du B\u00e1b.<\/p><p><a href=\"https:\/\/www.bahai.org\/fr\/the-bab\/\" target=\"_blank\" rel=\"noopener\">Apprenez plus sur la vie du B\u00e1b sur le site Internet officiel de la foi bah\u00e1\u2019\u00ede<\/a>.<\/p>\t\t\t\t\t\t\t\t<\/div>\n\t\t\t\t<\/div>\n\t\t\t\t\t<\/div>\n\t\t<\/div>\n\t\t\t\t\t<\/div>\n\t\t<\/section>\n\t\t\t\t<section class=\"elementor-section elementor-top-section elementor-element elementor-element-1b424815 elementor-section-content-middle elementor-section-stretched section-spacing elementor-section-boxed elementor-section-height-default elementor-section-height-default\" data-id=\"1b424815\" data-element_type=\"section\" data-e-type=\"section\" data-settings=\"{&quot;background_background&quot;:&quot;classic&quot;,&quot;stretch_section&quot;:&quot;section-stretched&quot;}\">\n\t\t\t\t\t\t\t<div class=\"elementor-background-overlay\"><\/div>\n\t\t\t\t\t\t\t<div class=\"elementor-container elementor-column-gap-default\">\n\t\t\t\t\t<div class=\"elementor-column elementor-col-50 elementor-top-column elementor-element elementor-element-138c3718\" data-id=\"138c3718\" data-element_type=\"column\" data-e-type=\"column\">\n\t\t\t<div class=\"elementor-widget-wrap elementor-element-populated\">\n\t\t\t\t\t\t<div class=\"elementor-element elementor-element-1c4f2cb1 elementor-widget elementor-widget-heading\" data-id=\"1c4f2cb1\" data-element_type=\"widget\" data-e-type=\"widget\" data-widget_type=\"heading.default\">\n\t\t\t\t<div class=\"elementor-widget-container\">\n\t\t\t\t\t<h2 class=\"elementor-heading-title elementor-size-default\">\u2018Abdu\u2019l-Bah\u00e1, l'Exemple parfait des enseignements de Bah\u00e1'u'll\u00e1h<\/h2>\t\t\t\t<\/div>\n\t\t\t\t<\/div>\n\t\t\t\t<div class=\"elementor-element elementor-element-36f2517a elementor-widget elementor-widget-text-editor\" data-id=\"36f2517a\" data-element_type=\"widget\" data-e-type=\"widget\" data-widget_type=\"text-editor.default\">\n\t\t\t\t<div class=\"elementor-widget-container\">\n\t\t\t\t\t\t\t\t\t<p>\u2018Abdu\u2019l-Bah\u00e1 est n\u00e9 en 1844. Il \u00e9tait le fils a\u00een\u00e9 de Bah\u00e1\u2019u\u2019ll\u00e1h. Il devint la figure de proue de la foi bah\u00e1\u2019\u00ede apr\u00e8s la mort de son P\u00e8re.<\/p><p>Il \u00e9tait connu comme un champion de la justice sociale et un ambassadeur de la paix internationale.<\/p><h3>&lsquo;Abdu&rsquo;l-Bah\u00e1, le Successeur de Bah\u00e1&rsquo;u&rsquo;ll\u00e1h<\/h3><p>Dans Ses \u00c9crits, Bah\u00e1\u2019u\u2019ll\u00e1h instruisit tous Ses adeptes pour que ceux-ci, apr\u00e8s Son d\u00e9c\u00e8s, se tournent vers \u2018Abdu\u2019l-Bah\u00e1, en tant qu&rsquo;interpr\u00e8te autoris\u00e9 des \u00c9crits bah\u00e1\u2019\u00eds. &lsquo;Abdu&rsquo;l-Bah\u00e1 est aussi consid\u00e9r\u00e9 comme l\u2019Exemple parfait de l\u2019esprit et des enseignements de la foi bah\u00e1\u2019\u00ede.<\/p><p>En d\u00e9signant &lsquo;Abdu&rsquo;l-Bah\u00e1 pour Successeur, Bah\u00e1&rsquo;u&rsquo;ll\u00e1h s\u2019assura que l\u2019unit\u00e9 de la Foi serait maintenue.<\/p><h3>&lsquo;Abdu&rsquo;l-Bah\u00e1, l&rsquo;Exemple Parfait<\/h3><p>Les qualit\u00e9s de caract\u00e8re extraordinaires de \u2018Abdu\u2019l-Bah\u00e1 et son service \u00e0 l\u2019humanit\u00e9 offrirent une belle d\u00e9monstration des enseignements de Bah\u00e1\u2019u\u2019ll\u00e1h en action.<\/p><p>Il consacra son minist\u00e8re \u00e0 faire progresser la foi de son P\u00e8re et \u00e0 promouvoir les id\u00e9aux de paix et de l&rsquo;unit\u00e9 du genre humain. Il encouragea l\u2019\u00e9tablissement d\u2019institutions bah\u00e1\u2019\u00edes locales et guida des initiatives \u00e9ducatives, sociales et \u00e9conomiques naissantes.<\/p><p>Il passa presque toute sa vie en prison pour Ses croyances religieuses. Apr\u00e8s en avoir \u00e9t\u00e9 lib\u00e9r\u00e9, \u2018Abdu\u2019l-Bah\u00e1 voyagea en \u00c9gypte, en Europe et en Am\u00e9rique du Nord. Il s\u2019\u00e9teignit en novembre 1921.<\/p><p><a href=\"https:\/\/www.bahai.org\/fr\/abdul-baha\/\" target=\"_blank\" rel=\"noopener\">Apprenez plus sur la vie de \u2018Abdu\u2019l-Bah\u00e1 sur le site Internet officiel de la foi bah\u00e1\u2019\u00ede<\/a>.<\/p>\t\t\t\t\t\t\t\t<\/div>\n\t\t\t\t<\/div>\n\t\t\t\t\t<\/div>\n\t\t<\/div>\n\t\t\t\t<div class=\"elementor-column elementor-col-50 elementor-top-column elementor-element elementor-element-255f404e\" data-id=\"255f404e\" data-element_type=\"column\" data-e-type=\"column\" data-settings=\"{&quot;background_background&quot;:&quot;classic&quot;}\">\n\t\t\t<div class=\"elementor-widget-wrap elementor-element-populated\">\n\t\t\t\t\t\t<div class=\"elementor-element elementor-element-78a97621 elementor-widget elementor-widget-image\" data-id=\"78a97621\" data-element_type=\"widget\" data-e-type=\"widget\" data-widget_type=\"image.default\">\n\t\t\t\t<div class=\"elementor-widget-container\">\n\t\t\t\t\t\t\t\t\t\t\t\t<figure class=\"wp-caption\">\n\t\t\t\t\t\t\t\t\t\t<img decoding=\"async\" width=\"517\" height=\"808\" src=\"https:\/\/bahai.ch\/fr\/wp-content\/uploads\/sites\/2\/2024\/11\/abdul-baha-the-perfect-exemplar-future-shrine.jpg\" class=\"attachment-large size-large wp-image-13959\" alt=\"\" srcset=\"https:\/\/bahai.ch\/fr\/wp-content\/uploads\/sites\/2\/2024\/11\/abdul-baha-the-perfect-exemplar-future-shrine.jpg 517w, https:\/\/bahai.ch\/fr\/wp-content\/uploads\/sites\/2\/2024\/11\/abdul-baha-the-perfect-exemplar-future-shrine-192x300.jpg 192w\" sizes=\"(max-width: 517px) 100vw, 517px\" \/>\t\t\t\t\t\t\t\t\t\t\t<figcaption class=\"widget-image-caption wp-caption-text\">Project architectural pour le tombeau de 'Abdu'l-Bah\u00e1, Akk\u00e1, Isra\u00ebl<\/figcaption>\n\t\t\t\t\t\t\t\t\t\t<\/figure>\n\t\t\t\t\t\t\t\t\t<\/div>\n\t\t\t\t<\/div>\n\t\t\t\t\t<\/div>\n\t\t<\/div>\n\t\t\t\t\t<\/div>\n\t\t<\/section>\n\t\t\t\t<section class=\"elementor-section elementor-top-section elementor-element elementor-element-2272b199 elementor-section-content-middle elementor-section-stretched elementor-reverse-tablet elementor-reverse-mobile section-spacing elementor-section-boxed elementor-section-height-default elementor-section-height-default\" data-id=\"2272b199\" data-element_type=\"section\" data-e-type=\"section\" data-settings=\"{&quot;background_background&quot;:&quot;classic&quot;,&quot;stretch_section&quot;:&quot;section-stretched&quot;}\">\n\t\t\t\t\t\t\t<div class=\"elementor-background-overlay\"><\/div>\n\t\t\t\t\t\t\t<div class=\"elementor-container elementor-column-gap-default\">\n\t\t\t\t\t<div class=\"elementor-column elementor-col-50 elementor-top-column elementor-element elementor-element-4886024d\" data-id=\"4886024d\" data-element_type=\"column\" data-e-type=\"column\">\n\t\t\t<div class=\"elementor-widget-wrap elementor-element-populated\">\n\t\t\t\t\t\t<div class=\"elementor-element elementor-element-2b3e361 elementor-widget elementor-widget-image\" data-id=\"2b3e361\" data-element_type=\"widget\" data-e-type=\"widget\" data-widget_type=\"image.default\">\n\t\t\t\t<div class=\"elementor-widget-container\">\n\t\t\t\t\t\t\t\t\t\t\t\t<figure class=\"wp-caption\">\n\t\t\t\t\t\t\t\t\t\t<img loading=\"lazy\" decoding=\"async\" width=\"1000\" height=\"667\" src=\"https:\/\/bahai.ch\/fr\/wp-content\/uploads\/sites\/2\/2024\/11\/readingthe-writings.jpg\" class=\"attachment-large size-large wp-image-14896\" alt=\"\" srcset=\"https:\/\/bahai.ch\/fr\/wp-content\/uploads\/sites\/2\/2024\/11\/readingthe-writings.jpg 1000w, https:\/\/bahai.ch\/fr\/wp-content\/uploads\/sites\/2\/2024\/11\/readingthe-writings-300x200.jpg 300w, https:\/\/bahai.ch\/fr\/wp-content\/uploads\/sites\/2\/2024\/11\/readingthe-writings-768x512.jpg 768w\" sizes=\"(max-width: 1000px) 100vw, 1000px\" \/>\t\t\t\t\t\t\t\t\t\t\t<figcaption class=\"widget-image-caption wp-caption-text\">Cr\u00e9ation artistique autour des Ecrits bah\u00e1'\u00eds<\/figcaption>\n\t\t\t\t\t\t\t\t\t\t<\/figure>\n\t\t\t\t\t\t\t\t\t<\/div>\n\t\t\t\t<\/div>\n\t\t\t\t\t<\/div>\n\t\t<\/div>\n\t\t\t\t<div class=\"elementor-column elementor-col-50 elementor-top-column elementor-element elementor-element-1775a650\" data-id=\"1775a650\" data-element_type=\"column\" data-e-type=\"column\" data-settings=\"{&quot;background_background&quot;:&quot;classic&quot;}\">\n\t\t\t<div class=\"elementor-widget-wrap elementor-element-populated\">\n\t\t\t\t\t\t<div class=\"elementor-element elementor-element-5b632dec elementor-widget elementor-widget-heading\" data-id=\"5b632dec\" data-element_type=\"widget\" data-e-type=\"widget\" data-widget_type=\"heading.default\">\n\t\t\t\t<div class=\"elementor-widget-container\">\n\t\t\t\t\t<h2 class=\"elementor-heading-title elementor-size-default\">Lecture des \u00c9crits de la foi bah\u00e1'\u00ede<\/h2>\t\t\t\t<\/div>\n\t\t\t\t<\/div>\n\t\t\t\t<div class=\"elementor-element elementor-element-40b8d914 elementor-widget elementor-widget-text-editor\" data-id=\"40b8d914\" data-element_type=\"widget\" data-e-type=\"widget\" data-widget_type=\"text-editor.default\">\n\t\t\t\t<div class=\"elementor-widget-container\">\n\t\t\t\t\t\t\t\t\t<p>Pour avoir une vue plus compl\u00e8te des croyances bah\u00e1\u2019\u00edes, vous pouvez vous rendre sur <a href=\"https:\/\/bibliotheque-bahaie.fr\/\" target=\"_blank\" rel=\"noopener\">la source officielle francophone des Ecrits bah\u00e1&rsquo;\u00eds<\/a>. Elle contient:<\/p><ul><li>des \u00c9crits de Bah\u00e1&rsquo;u&rsquo;ll\u00e1h<\/li><li>des \u00c9crits du B\u00e1b<\/li><li>des \u00c9crits de \u2018Abdu\u2019l-Bah\u00e1<\/li><li>des \u00c9crits de Shoghi Effendi<\/li><li>Une s\u00e9lection de d\u00e9clarations et de communications de la Maison Universelle de Justice.<\/li><\/ul>\t\t\t\t\t\t\t\t<\/div>\n\t\t\t\t<\/div>\n\t\t\t\t\t<\/div>\n\t\t<\/div>\n\t\t\t\t\t<\/div>\n\t\t<\/section>\n\t\t\t\t<section class=\"elementor-section elementor-top-section elementor-element elementor-element-d9d3b7c elementor-section-content-middle elementor-section-stretched elementor-section-boxed elementor-section-height-default elementor-section-height-default\" data-id=\"d9d3b7c\" data-element_type=\"section\" data-e-type=\"section\" data-settings=\"{&quot;stretch_section&quot;:&quot;section-stretched&quot;,&quot;background_background&quot;:&quot;classic&quot;}\">\n\t\t\t\t\t\t\t<div class=\"elementor-background-overlay\"><\/div>\n\t\t\t\t\t\t\t<div class=\"elementor-container elementor-column-gap-default\">\n\t\t\t\t\t<div class=\"elementor-column elementor-col-100 elementor-top-column elementor-element elementor-element-57e525a\" data-id=\"57e525a\" data-element_type=\"column\" data-e-type=\"column\">\n\t\t\t<div class=\"elementor-widget-wrap elementor-element-populated\">\n\t\t\t\t\t\t<div class=\"elementor-element elementor-element-598d43a elementor-widget elementor-widget-heading\" data-id=\"598d43a\" data-element_type=\"widget\" data-e-type=\"widget\" data-widget_type=\"heading.default\">\n\t\t\t\t<div class=\"elementor-widget-container\">\n\t\t\t\t\t<span class=\"elementor-heading-title elementor-size-default\">\"Soyez calme, soyez fort, soyez reconnaissant\"<\/span>\t\t\t\t<\/div>\n\t\t\t\t<\/div>\n\t\t\t\t<div class=\"elementor-element elementor-element-856a471 elementor-widget elementor-widget-heading\" data-id=\"856a471\" data-element_type=\"widget\" data-e-type=\"widget\" data-widget_type=\"heading.default\">\n\t\t\t\t<div class=\"elementor-widget-container\">\n\t\t\t\t\t<span class=\"elementor-heading-title elementor-size-default\">'Abdu'l-Bah\u00e1<\/span>\t\t\t\t<\/div>\n\t\t\t\t<\/div>\n\t\t\t\t\t<\/div>\n\t\t<\/div>\n\t\t\t\t\t<\/div>\n\t\t<\/section>\n\t\t\t\t<\/div>\n\t\t","protected":false},"excerpt":{"rendered":"<p>Bah\u00e1\u2019u\u2019ll\u00e1h, \u00ab\u00a0Le gloire de Dieu\u00a0\u00bb, fondateur de la foi bah\u00e1&rsquo;\u00ede Bah\u00e1\u2019u\u2019ll\u00e1h est n\u00e9 en novembre 1817 \u00e0 T\u00e9h\u00e9ran, en Iran. D\u00e9j\u00e0 lorsqu\u2019il \u00e9tait enfant, il montrait des signes de grandeur et de sagesse. Baha&rsquo;u&rsquo;ll\u00e1h est un titre qui veut dire \u00ab la Gloire de Dieu \u00bb en arabe. Bah\u00e1&rsquo;u&rsquo;ll\u00e1h d\u00e9cida de consacrer sa vie \u00e0 [&hellip;]<\/p>\n","protected":false},"author":3,"featured_media":13964,"parent":14505,"menu_order":0,"comment_status":"open","ping_status":"closed","template":"","meta":{"inline_featured_image":false,"footnotes":""},"class_list":["post-14043","page","type-page","status-publish","has-post-thumbnail","hentry"],"yoast_head":"<!-- This site is optimized with the Yoast SEO plugin v27.4 - https:\/\/yoast.com\/product\/yoast-seo-wordpress\/ -->\n<title>Les figures centrales de la foi bah\u00e1\u2019\u00ede - Bah\u00e1&#039;\u00ed Suisse<\/title>\n<meta name=\"robots\" content=\"index, follow, max-snippet:-1, max-image-preview:large, max-video-preview:-1\" \/>\n<link rel=\"canonical\" href=\"https:\/\/bahai.ch\/fr\/ce-que-croient-les-bahais\/les-figures-centrales-de-la-foi-bahaie\/\" \/>\n<meta property=\"og:locale\" content=\"fr_FR\" \/>\n<meta property=\"og:type\" content=\"article\" \/>\n<meta property=\"og:title\" content=\"Les figures centrales de la foi bah\u00e1\u2019\u00ede - Bah\u00e1&#039;\u00ed Suisse\" \/>\n<meta property=\"og:description\" content=\"Bah\u00e1\u2019u\u2019ll\u00e1h, \u00ab\u00a0Le gloire de Dieu\u00a0\u00bb, fondateur de la foi bah\u00e1&rsquo;\u00ede Bah\u00e1\u2019u\u2019ll\u00e1h est n\u00e9 en novembre 1817 \u00e0 T\u00e9h\u00e9ran, en Iran. D\u00e9j\u00e0 lorsqu\u2019il \u00e9tait enfant, il montrait des signes de grandeur et de sagesse. Baha&rsquo;u&rsquo;ll\u00e1h est un titre qui veut dire \u00ab la Gloire de Dieu \u00bb en arabe. Bah\u00e1&rsquo;u&rsquo;ll\u00e1h d\u00e9cida de consacrer sa vie \u00e0 [&hellip;]\" \/>\n<meta property=\"og:url\" content=\"https:\/\/bahai.ch\/fr\/ce-que-croient-les-bahais\/les-figures-centrales-de-la-foi-bahaie\/\" \/>\n<meta property=\"og:site_name\" content=\"Bah\u00e1&#039;\u00ed Suisse\" \/>\n<meta property=\"article:modified_time\" content=\"2025-05-17T15:55:28+00:00\" \/>\n<meta property=\"og:image\" content=\"https:\/\/bahai.ch\/fr\/wp-content\/uploads\/sites\/2\/2024\/11\/central-figures-of-the-bahai-faith.jpg\" \/>\n\t<meta property=\"og:image:width\" content=\"1440\" \/>\n\t<meta property=\"og:image:height\" content=\"489\" \/>\n\t<meta property=\"og:image:type\" content=\"image\/jpeg\" \/>\n<meta name=\"twitter:card\" content=\"summary_large_image\" \/>\n<meta name=\"twitter:label1\" content=\"Dur\u00e9e de lecture estim\u00e9e\" \/>\n\t<meta name=\"twitter:data1\" content=\"5 minutes\" \/>\n<script type=\"application\/ld+json\" class=\"yoast-schema-graph\">{\"@context\":\"https:\\\/\\\/schema.org\",\"@graph\":[{\"@type\":\"WebPage\",\"@id\":\"https:\\\/\\\/bahai.ch\\\/fr\\\/ce-que-croient-les-bahais\\\/les-figures-centrales-de-la-foi-bahaie\\\/\",\"url\":\"https:\\\/\\\/bahai.ch\\\/fr\\\/ce-que-croient-les-bahais\\\/les-figures-centrales-de-la-foi-bahaie\\\/\",\"name\":\"Les figures centrales de la foi bah\u00e1\u2019\u00ede - Bah\u00e1&#039;\u00ed Suisse\",\"isPartOf\":{\"@id\":\"https:\\\/\\\/bahai.ch\\\/fr\\\/#website\"},\"primaryImageOfPage\":{\"@id\":\"https:\\\/\\\/bahai.ch\\\/fr\\\/ce-que-croient-les-bahais\\\/les-figures-centrales-de-la-foi-bahaie\\\/#primaryimage\"},\"image\":{\"@id\":\"https:\\\/\\\/bahai.ch\\\/fr\\\/ce-que-croient-les-bahais\\\/les-figures-centrales-de-la-foi-bahaie\\\/#primaryimage\"},\"thumbnailUrl\":\"https:\\\/\\\/bahai.ch\\\/fr\\\/wp-content\\\/uploads\\\/sites\\\/2\\\/2024\\\/11\\\/central-figures-of-the-bahai-faith.jpg\",\"datePublished\":\"2024-11-06T19:52:17+00:00\",\"dateModified\":\"2025-05-17T15:55:28+00:00\",\"breadcrumb\":{\"@id\":\"https:\\\/\\\/bahai.ch\\\/fr\\\/ce-que-croient-les-bahais\\\/les-figures-centrales-de-la-foi-bahaie\\\/#breadcrumb\"},\"inLanguage\":\"fr-FR\",\"potentialAction\":[{\"@type\":\"ReadAction\",\"target\":[\"https:\\\/\\\/bahai.ch\\\/fr\\\/ce-que-croient-les-bahais\\\/les-figures-centrales-de-la-foi-bahaie\\\/\"]}]},{\"@type\":\"ImageObject\",\"inLanguage\":\"fr-FR\",\"@id\":\"https:\\\/\\\/bahai.ch\\\/fr\\\/ce-que-croient-les-bahais\\\/les-figures-centrales-de-la-foi-bahaie\\\/#primaryimage\",\"url\":\"https:\\\/\\\/bahai.ch\\\/fr\\\/wp-content\\\/uploads\\\/sites\\\/2\\\/2024\\\/11\\\/central-figures-of-the-bahai-faith.jpg\",\"contentUrl\":\"https:\\\/\\\/bahai.ch\\\/fr\\\/wp-content\\\/uploads\\\/sites\\\/2\\\/2024\\\/11\\\/central-figures-of-the-bahai-faith.jpg\",\"width\":1440,\"height\":489},{\"@type\":\"BreadcrumbList\",\"@id\":\"https:\\\/\\\/bahai.ch\\\/fr\\\/ce-que-croient-les-bahais\\\/les-figures-centrales-de-la-foi-bahaie\\\/#breadcrumb\",\"itemListElement\":[{\"@type\":\"ListItem\",\"position\":1,\"name\":\"Home\",\"item\":\"https:\\\/\\\/bahai.ch\\\/fr\\\/\"},{\"@type\":\"ListItem\",\"position\":2,\"name\":\"Ce que croient les bah\u00e1&rsquo;\u00eds\",\"item\":\"https:\\\/\\\/bahai.ch\\\/fr\\\/ce-que-croient-les-bahais\\\/\"},{\"@type\":\"ListItem\",\"position\":3,\"name\":\"Les figures centrales de la foi bah\u00e1\u2019\u00ede\"}]},{\"@type\":\"WebSite\",\"@id\":\"https:\\\/\\\/bahai.ch\\\/fr\\\/#website\",\"url\":\"https:\\\/\\\/bahai.ch\\\/fr\\\/\",\"name\":\"Bah\u00e1&#039;\u00ed Suisse\",\"description\":\"SITE OFFICIEL DES BAHA&#039;IS DE SUISSE\",\"potentialAction\":[{\"@type\":\"SearchAction\",\"target\":{\"@type\":\"EntryPoint\",\"urlTemplate\":\"https:\\\/\\\/bahai.ch\\\/fr\\\/?s={search_term_string}\"},\"query-input\":{\"@type\":\"PropertyValueSpecification\",\"valueRequired\":true,\"valueName\":\"search_term_string\"}}],\"inLanguage\":\"fr-FR\"}]}<\/script>\n<!-- \/ Yoast SEO plugin. -->","yoast_head_json":{"title":"Les figures centrales de la foi bah\u00e1\u2019\u00ede - Bah\u00e1&#039;\u00ed Suisse","robots":{"index":"index","follow":"follow","max-snippet":"max-snippet:-1","max-image-preview":"max-image-preview:large","max-video-preview":"max-video-preview:-1"},"canonical":"https:\/\/bahai.ch\/fr\/ce-que-croient-les-bahais\/les-figures-centrales-de-la-foi-bahaie\/","og_locale":"fr_FR","og_type":"article","og_title":"Les figures centrales de la foi bah\u00e1\u2019\u00ede - Bah\u00e1&#039;\u00ed Suisse","og_description":"Bah\u00e1\u2019u\u2019ll\u00e1h, \u00ab\u00a0Le gloire de Dieu\u00a0\u00bb, fondateur de la foi bah\u00e1&rsquo;\u00ede Bah\u00e1\u2019u\u2019ll\u00e1h est n\u00e9 en novembre 1817 \u00e0 T\u00e9h\u00e9ran, en Iran. D\u00e9j\u00e0 lorsqu\u2019il \u00e9tait enfant, il montrait des signes de grandeur et de sagesse. Baha&rsquo;u&rsquo;ll\u00e1h est un titre qui veut dire \u00ab la Gloire de Dieu \u00bb en arabe. Bah\u00e1&rsquo;u&rsquo;ll\u00e1h d\u00e9cida de consacrer sa vie \u00e0 [&hellip;]","og_url":"https:\/\/bahai.ch\/fr\/ce-que-croient-les-bahais\/les-figures-centrales-de-la-foi-bahaie\/","og_site_name":"Bah\u00e1&#039;\u00ed Suisse","article_modified_time":"2025-05-17T15:55:28+00:00","og_image":[{"width":1440,"height":489,"url":"https:\/\/bahai.ch\/fr\/wp-content\/uploads\/sites\/2\/2024\/11\/central-figures-of-the-bahai-faith.jpg","type":"image\/jpeg"}],"twitter_card":"summary_large_image","twitter_misc":{"Dur\u00e9e de lecture estim\u00e9e":"5 minutes"},"schema":{"@context":"https:\/\/schema.org","@graph":[{"@type":"WebPage","@id":"https:\/\/bahai.ch\/fr\/ce-que-croient-les-bahais\/les-figures-centrales-de-la-foi-bahaie\/","url":"https:\/\/bahai.ch\/fr\/ce-que-croient-les-bahais\/les-figures-centrales-de-la-foi-bahaie\/","name":"Les figures centrales de la foi bah\u00e1\u2019\u00ede - Bah\u00e1&#039;\u00ed Suisse","isPartOf":{"@id":"https:\/\/bahai.ch\/fr\/#website"},"primaryImageOfPage":{"@id":"https:\/\/bahai.ch\/fr\/ce-que-croient-les-bahais\/les-figures-centrales-de-la-foi-bahaie\/#primaryimage"},"image":{"@id":"https:\/\/bahai.ch\/fr\/ce-que-croient-les-bahais\/les-figures-centrales-de-la-foi-bahaie\/#primaryimage"},"thumbnailUrl":"https:\/\/bahai.ch\/fr\/wp-content\/uploads\/sites\/2\/2024\/11\/central-figures-of-the-bahai-faith.jpg","datePublished":"2024-11-06T19:52:17+00:00","dateModified":"2025-05-17T15:55:28+00:00","breadcrumb":{"@id":"https:\/\/bahai.ch\/fr\/ce-que-croient-les-bahais\/les-figures-centrales-de-la-foi-bahaie\/#breadcrumb"},"inLanguage":"fr-FR","potentialAction":[{"@type":"ReadAction","target":["https:\/\/bahai.ch\/fr\/ce-que-croient-les-bahais\/les-figures-centrales-de-la-foi-bahaie\/"]}]},{"@type":"ImageObject","inLanguage":"fr-FR","@id":"https:\/\/bahai.ch\/fr\/ce-que-croient-les-bahais\/les-figures-centrales-de-la-foi-bahaie\/#primaryimage","url":"https:\/\/bahai.ch\/fr\/wp-content\/uploads\/sites\/2\/2024\/11\/central-figures-of-the-bahai-faith.jpg","contentUrl":"https:\/\/bahai.ch\/fr\/wp-content\/uploads\/sites\/2\/2024\/11\/central-figures-of-the-bahai-faith.jpg","width":1440,"height":489},{"@type":"BreadcrumbList","@id":"https:\/\/bahai.ch\/fr\/ce-que-croient-les-bahais\/les-figures-centrales-de-la-foi-bahaie\/#breadcrumb","itemListElement":[{"@type":"ListItem","position":1,"name":"Home","item":"https:\/\/bahai.ch\/fr\/"},{"@type":"ListItem","position":2,"name":"Ce que croient les bah\u00e1&rsquo;\u00eds","item":"https:\/\/bahai.ch\/fr\/ce-que-croient-les-bahais\/"},{"@type":"ListItem","position":3,"name":"Les figures centrales de la foi bah\u00e1\u2019\u00ede"}]},{"@type":"WebSite","@id":"https:\/\/bahai.ch\/fr\/#website","url":"https:\/\/bahai.ch\/fr\/","name":"Bah\u00e1&#039;\u00ed Suisse","description":"SITE OFFICIEL DES BAHA&#039;IS DE SUISSE","potentialAction":[{"@type":"SearchAction","target":{"@type":"EntryPoint","urlTemplate":"https:\/\/bahai.ch\/fr\/?s={search_term_string}"},"query-input":{"@type":"PropertyValueSpecification","valueRequired":true,"valueName":"search_term_string"}}],"inLanguage":"fr-FR"}]}},"_links":{"self":[{"href":"https:\/\/bahai.ch\/fr\/wp-json\/wp\/v2\/pages\/14043","targetHints":{"allow":["GET"]}}],"collection":[{"href":"https:\/\/bahai.ch\/fr\/wp-json\/wp\/v2\/pages"}],"about":[{"href":"https:\/\/bahai.ch\/fr\/wp-json\/wp\/v2\/types\/page"}],"author":[{"embeddable":true,"href":"https:\/\/bahai.ch\/fr\/wp-json\/wp\/v2\/users\/3"}],"replies":[{"embeddable":true,"href":"https:\/\/bahai.ch\/fr\/wp-json\/wp\/v2\/comments?post=14043"}],"version-history":[{"count":82,"href":"https:\/\/bahai.ch\/fr\/wp-json\/wp\/v2\/pages\/14043\/revisions"}],"predecessor-version":[{"id":15412,"href":"https:\/\/bahai.ch\/fr\/wp-json\/wp\/v2\/pages\/14043\/revisions\/15412"}],"up":[{"embeddable":true,"href":"https:\/\/bahai.ch\/fr\/wp-json\/wp\/v2\/pages\/14505"}],"wp:featuredmedia":[{"embeddable":true,"href":"https:\/\/bahai.ch\/fr\/wp-json\/wp\/v2\/media\/13964"}],"wp:attachment":[{"href":"https:\/\/bahai.ch\/fr\/wp-json\/wp\/v2\/media?parent=14043"}],"curies":[{"name":"wp","href":"https:\/\/api.w.org\/{rel}","templated":true}]}}