{"id":14210,"date":"2024-11-07T08:47:28","date_gmt":"2024-11-07T08:47:28","guid":{"rendered":"https:\/\/bahai.steincastle.com\/?p=14210"},"modified":"2025-05-17T18:00:46","modified_gmt":"2025-05-17T16:00:46","slug":"la-foi-bahaie-en-suisse","status":"publish","type":"page","link":"https:\/\/bahai.ch\/fr\/la-foi-bahaie-en-suisse\/","title":{"rendered":"La foi bah\u00e1\u2019\u00ede en Suisse"},"content":{"rendered":"\t\t<div data-elementor-type=\"wp-post\" data-elementor-id=\"14210\" class=\"elementor elementor-14210\" data-elementor-post-type=\"page\">\n\t\t\t\t\t\t<section class=\"elementor-section elementor-top-section elementor-element elementor-element-549570dc elementor-section-content-middle elementor-section-stretched section-spacing elementor-section-boxed elementor-section-height-default elementor-section-height-default\" data-id=\"549570dc\" data-element_type=\"section\" data-e-type=\"section\" data-settings=\"{&quot;background_background&quot;:&quot;classic&quot;,&quot;stretch_section&quot;:&quot;section-stretched&quot;}\">\n\t\t\t\t\t\t\t<div class=\"elementor-background-overlay\"><\/div>\n\t\t\t\t\t\t\t<div class=\"elementor-container elementor-column-gap-default\">\n\t\t\t\t\t<div class=\"elementor-column elementor-col-50 elementor-top-column elementor-element elementor-element-5013b7f0\" data-id=\"5013b7f0\" data-element_type=\"column\" data-e-type=\"column\">\n\t\t\t<div class=\"elementor-widget-wrap elementor-element-populated\">\n\t\t\t\t\t\t<div class=\"elementor-element elementor-element-21ae1cf1 elementor-widget elementor-widget-image\" data-id=\"21ae1cf1\" data-element_type=\"widget\" data-e-type=\"widget\" data-widget_type=\"image.default\">\n\t\t\t\t<div class=\"elementor-widget-container\">\n\t\t\t\t\t\t\t\t\t\t\t\t\t\t\t<img fetchpriority=\"high\" decoding=\"async\" width=\"1024\" height=\"683\" src=\"https:\/\/bahai.ch\/fr\/wp-content\/uploads\/sites\/2\/2025\/01\/switzerland-centuryoldcommunity-1024x683.jpg\" class=\"attachment-large size-large wp-image-15209\" alt=\"\" srcset=\"https:\/\/bahai.ch\/fr\/wp-content\/uploads\/sites\/2\/2025\/01\/switzerland-centuryoldcommunity-1024x683.jpg 1024w, https:\/\/bahai.ch\/fr\/wp-content\/uploads\/sites\/2\/2025\/01\/switzerland-centuryoldcommunity-300x200.jpg 300w, https:\/\/bahai.ch\/fr\/wp-content\/uploads\/sites\/2\/2025\/01\/switzerland-centuryoldcommunity-768x513.jpg 768w, https:\/\/bahai.ch\/fr\/wp-content\/uploads\/sites\/2\/2025\/01\/switzerland-centuryoldcommunity.jpg 1500w\" sizes=\"(max-width: 1024px) 100vw, 1024px\" \/>\t\t\t\t\t\t\t\t\t\t\t\t\t\t\t<\/div>\n\t\t\t\t<\/div>\n\t\t\t\t\t<\/div>\n\t\t<\/div>\n\t\t\t\t<div class=\"elementor-column elementor-col-50 elementor-top-column elementor-element elementor-element-1d1e293e\" data-id=\"1d1e293e\" data-element_type=\"column\" data-e-type=\"column\" data-settings=\"{&quot;background_background&quot;:&quot;classic&quot;}\">\n\t\t\t<div class=\"elementor-widget-wrap elementor-element-populated\">\n\t\t\t\t\t\t<div class=\"elementor-element elementor-element-778de73c elementor-widget elementor-widget-heading\" data-id=\"778de73c\" data-element_type=\"widget\" data-e-type=\"widget\" data-widget_type=\"heading.default\">\n\t\t\t\t<div class=\"elementor-widget-container\">\n\t\t\t\t\t<h2 class=\"elementor-heading-title elementor-size-default\">Une communaut\u00e9 centenaire<\/h2>\t\t\t\t<\/div>\n\t\t\t\t<\/div>\n\t\t\t\t<div class=\"elementor-element elementor-element-1b929384 elementor-widget elementor-widget-text-editor\" data-id=\"1b929384\" data-element_type=\"widget\" data-e-type=\"widget\" data-widget_type=\"text-editor.default\">\n\t\t\t\t<div class=\"elementor-widget-container\">\n\t\t\t\t\t\t\t\t\t<p>La foi bah\u00e1\u2019\u00ede est pr\u00e9sente en Suisse depuis plus de 100 ans. Les premiers Suisses qui ont embrass\u00e9 ce nouveau message \u00e9taient Edith et Joseph de Bons. Ils vivaient \u00e0 Sion (VS).<\/p><p>Pendant les d\u00e9cennies suivantes, ceux qui ont promu et mis en pratique les id\u00e9aux apport\u00e9s par le message de Bah\u00e1\u2019u\u2019ll\u00e1h se sont dispers\u00e9s dans tout le pays.<\/p>\t\t\t\t\t\t\t\t<\/div>\n\t\t\t\t<\/div>\n\t\t\t\t\t<\/div>\n\t\t<\/div>\n\t\t\t\t\t<\/div>\n\t\t<\/section>\n\t\t\t\t<section class=\"elementor-section elementor-top-section elementor-element elementor-element-4eaac54 elementor-section-content-middle elementor-section-stretched elementor-reverse-tablet elementor-reverse-mobile section-spacing elementor-section-boxed elementor-section-height-default elementor-section-height-default\" data-id=\"4eaac54\" data-element_type=\"section\" data-e-type=\"section\" data-settings=\"{&quot;background_background&quot;:&quot;classic&quot;,&quot;stretch_section&quot;:&quot;section-stretched&quot;}\">\n\t\t\t\t\t\t\t<div class=\"elementor-background-overlay\"><\/div>\n\t\t\t\t\t\t\t<div class=\"elementor-container elementor-column-gap-default\">\n\t\t\t\t\t<div class=\"elementor-column elementor-col-50 elementor-top-column elementor-element elementor-element-40e825e3\" data-id=\"40e825e3\" data-element_type=\"column\" data-e-type=\"column\">\n\t\t\t<div class=\"elementor-widget-wrap elementor-element-populated\">\n\t\t\t\t\t\t<div class=\"elementor-element elementor-element-3f8a4f03 elementor-widget elementor-widget-heading\" data-id=\"3f8a4f03\" data-element_type=\"widget\" data-e-type=\"widget\" data-widget_type=\"heading.default\">\n\t\t\t\t<div class=\"elementor-widget-container\">\n\t\t\t\t\t<h2 class=\"elementor-heading-title elementor-size-default\">Une communaut\u00e9 tr\u00e8s diverse<\/h2>\t\t\t\t<\/div>\n\t\t\t\t<\/div>\n\t\t\t\t<div class=\"elementor-element elementor-element-d2db1a6 elementor-widget elementor-widget-text-editor\" data-id=\"d2db1a6\" data-element_type=\"widget\" data-e-type=\"widget\" data-widget_type=\"text-editor.default\">\n\t\t\t\t<div class=\"elementor-widget-container\">\n\t\t\t\t\t\t\t\t\t<p>Les bah\u00e1\u2019\u00eds vivent dans environ 300 localit\u00e9s \u00e0 travers la Suisse et le Liechtenstein.<\/p><p>La diversit\u00e9 de la communit\u00e9 bah\u00e1\u00a0\u00bb\u00ede se refl\u00e8te dans la r\u00e9partition g\u00e9ographique. La communaut\u00e9 bah\u00e1&rsquo;\u00ede de Suisse est compos\u00e9e de personnes venant de plus de 60 pays et territoires de la plan\u00e8te.<\/p><p>Les bah\u00e1&rsquo;\u00eds s\u2019efforcent de mieux comprendre et traduire en actes les enseignements de Bah\u00e1\u2019u\u2019ll\u00e1h, dans leurs vies individuelles et collectives.<\/p><p>Les bah\u00e1\u2019\u00eds de Suisse ont \u00e9t\u00e9 inspir\u00e9s, au cours du si\u00e8cle dernier, par les paroles de Bah\u00e1\u2019u\u2019ll\u00e1h, qui dit\u00a0: \u00ab\u00a0Associez-vous avec tous les peuples et les tribus de la terre dans la joie et avec un esprit radieux\u00a0\u00bb et \u00ab\u00a0Enqu\u00e9rez-vous soigneusement des besoins de l\u2019\u00e2ge o\u00f9 vous vivez et que toutes vos d\u00e9lib\u00e9rations portent sur ce que cet \u00e2ge exige et requiert.\u00a0\u00bb Les bah\u00e1&rsquo;\u00eds poursuivent leurs efforts et s&rsquo;impliquent dans des activit\u00e9s dont le but est d&rsquo;\u00e9tablir des communaut\u00e9s vibrantes en Suisse.<\/p>\t\t\t\t\t\t\t\t<\/div>\n\t\t\t\t<\/div>\n\t\t\t\t\t<\/div>\n\t\t<\/div>\n\t\t\t\t<div class=\"elementor-column elementor-col-50 elementor-top-column elementor-element elementor-element-2fb573c1\" data-id=\"2fb573c1\" data-element_type=\"column\" data-e-type=\"column\" data-settings=\"{&quot;background_background&quot;:&quot;classic&quot;}\">\n\t\t\t<div class=\"elementor-widget-wrap elementor-element-populated\">\n\t\t\t\t\t\t<div class=\"elementor-element elementor-element-3a84279 elementor-widget elementor-widget-image\" data-id=\"3a84279\" data-element_type=\"widget\" data-e-type=\"widget\" data-widget_type=\"image.default\">\n\t\t\t\t<div class=\"elementor-widget-container\">\n\t\t\t\t\t\t\t\t\t\t\t\t\t\t\t<img decoding=\"async\" width=\"513\" height=\"584\" src=\"https:\/\/bahai.ch\/fr\/wp-content\/uploads\/sites\/2\/2024\/11\/a-very-diverse-community.jpg\" class=\"attachment-large size-large wp-image-13958\" alt=\"\" srcset=\"https:\/\/bahai.ch\/fr\/wp-content\/uploads\/sites\/2\/2024\/11\/a-very-diverse-community.jpg 513w, https:\/\/bahai.ch\/fr\/wp-content\/uploads\/sites\/2\/2024\/11\/a-very-diverse-community-264x300.jpg 264w\" sizes=\"(max-width: 513px) 100vw, 513px\" \/>\t\t\t\t\t\t\t\t\t\t\t\t\t\t\t<\/div>\n\t\t\t\t<\/div>\n\t\t\t\t\t<\/div>\n\t\t<\/div>\n\t\t\t\t\t<\/div>\n\t\t<\/section>\n\t\t\t\t<section class=\"elementor-section elementor-top-section elementor-element elementor-element-6389d33c elementor-section-content-middle elementor-section-stretched elementor-section-boxed elementor-section-height-default elementor-section-height-default\" data-id=\"6389d33c\" data-element_type=\"section\" data-e-type=\"section\" data-settings=\"{&quot;background_background&quot;:&quot;classic&quot;,&quot;stretch_section&quot;:&quot;section-stretched&quot;}\">\n\t\t\t\t\t\t\t<div class=\"elementor-background-overlay\"><\/div>\n\t\t\t\t\t\t\t<div class=\"elementor-container elementor-column-gap-default\">\n\t\t\t\t\t<div class=\"elementor-column elementor-col-33 elementor-top-column elementor-element elementor-element-4243657b\" data-id=\"4243657b\" data-element_type=\"column\" data-e-type=\"column\">\n\t\t\t<div class=\"elementor-widget-wrap elementor-element-populated\">\n\t\t\t\t\t\t<div class=\"elementor-element elementor-element-83f4f54 elementor-widget__width-initial elementor-widget-mobile__width-initial elementor-widget elementor-widget-heading\" data-id=\"83f4f54\" data-element_type=\"widget\" data-e-type=\"widget\" data-widget_type=\"heading.default\">\n\t\t\t\t<div class=\"elementor-widget-container\">\n\t\t\t\t\t<span class=\"elementor-heading-title elementor-size-default\">Pour contacter les bah\u00e1'\u00eds de votre localit\u00e9, \u00e9crivez \u00e0 :<\/span>\t\t\t\t<\/div>\n\t\t\t\t<\/div>\n\t\t\t\t\t<\/div>\n\t\t<\/div>\n\t\t\t\t<div class=\"elementor-column elementor-col-33 elementor-top-column elementor-element elementor-element-1e274cdd\" data-id=\"1e274cdd\" data-element_type=\"column\" data-e-type=\"column\">\n\t\t\t<div class=\"elementor-widget-wrap elementor-element-populated\">\n\t\t\t\t\t\t<div class=\"elementor-element elementor-element-403f894a elementor-widget elementor-widget-image\" data-id=\"403f894a\" data-element_type=\"widget\" data-e-type=\"widget\" data-widget_type=\"image.default\">\n\t\t\t\t<div class=\"elementor-widget-container\">\n\t\t\t\t\t\t\t\t\t\t\t\t\t\t\t<img decoding=\"async\" width=\"82\" height=\"80\" src=\"https:\/\/bahai.ch\/fr\/wp-content\/uploads\/sites\/2\/2024\/11\/9-pointed-star.png\" class=\"attachment-large size-large wp-image-14391\" alt=\"\" \/>\t\t\t\t\t\t\t\t\t\t\t\t\t\t\t<\/div>\n\t\t\t\t<\/div>\n\t\t\t\t\t<\/div>\n\t\t<\/div>\n\t\t\t\t<div class=\"elementor-column elementor-col-33 elementor-top-column elementor-element elementor-element-455a0995\" data-id=\"455a0995\" data-element_type=\"column\" data-e-type=\"column\">\n\t\t\t<div class=\"elementor-widget-wrap elementor-element-populated\">\n\t\t\t\t\t\t<div class=\"elementor-element elementor-element-44cd5caf elementor-widget__width-initial elementor-widget-mobile__width-initial elementor-widget elementor-widget-text-editor\" data-id=\"44cd5caf\" data-element_type=\"widget\" data-e-type=\"widget\" data-widget_type=\"text-editor.default\">\n\t\t\t\t<div class=\"elementor-widget-container\">\n\t\t\t\t\t\t\t\t\t<p><strong><a href=\"mailto:INFO@BAHAI.CH\">INFO@BAHAI.CH<\/a><br \/><\/strong><\/p>\t\t\t\t\t\t\t\t<\/div>\n\t\t\t\t<\/div>\n\t\t\t\t\t<\/div>\n\t\t<\/div>\n\t\t\t\t\t<\/div>\n\t\t<\/section>\n\t\t\t\t<section class=\"elementor-section elementor-top-section elementor-element elementor-element-35d046bd elementor-section-content-middle elementor-section-stretched section-spacing elementor-section-boxed elementor-section-height-default elementor-section-height-default\" data-id=\"35d046bd\" data-element_type=\"section\" data-e-type=\"section\" data-settings=\"{&quot;background_background&quot;:&quot;classic&quot;,&quot;stretch_section&quot;:&quot;section-stretched&quot;}\">\n\t\t\t\t\t\t\t<div class=\"elementor-background-overlay\"><\/div>\n\t\t\t\t\t\t\t<div class=\"elementor-container elementor-column-gap-default\">\n\t\t\t\t\t<div class=\"elementor-column elementor-col-50 elementor-top-column elementor-element elementor-element-57459417\" data-id=\"57459417\" data-element_type=\"column\" data-e-type=\"column\">\n\t\t\t<div class=\"elementor-widget-wrap elementor-element-populated\">\n\t\t\t\t\t\t<div class=\"elementor-element elementor-element-6d5c714c elementor-widget elementor-widget-heading\" data-id=\"6d5c714c\" data-element_type=\"widget\" data-e-type=\"widget\" data-widget_type=\"heading.default\">\n\t\t\t\t<div class=\"elementor-widget-container\">\n\t\t\t\t\t<h2 class=\"elementor-heading-title elementor-size-default\">Contributions des bah\u00e1'\u00eds de Suisse<\/h2>\t\t\t\t<\/div>\n\t\t\t\t<\/div>\n\t\t\t\t<div class=\"elementor-element elementor-element-51d0b41d elementor-widget elementor-widget-text-editor\" data-id=\"51d0b41d\" data-element_type=\"widget\" data-e-type=\"widget\" data-widget_type=\"text-editor.default\">\n\t\t\t\t<div class=\"elementor-widget-container\">\n\t\t\t\t\t\t\t\t\t<p>Pendant toute leur riche histoire, les bah\u00e1\u2019\u00eds de Suisse ont \u00e9t\u00e9 capables d\u2019obtenir des r\u00e9sultats notoires. Ils ont oeuvr\u00e9 tant au sein de leur communaut\u00e9 qu\u2019en contribuant aux discours de la soci\u00e9t\u00e9 sur des th\u00e8mes d\u2019importance vitale. En adoptant une approche dans laquelle toute action est suivie d\u2019une r\u00e9flexion et d\u2019une consultation au sujet des \u00e9tapes suivantes, la communaut\u00e9 a fait les choses suivantes :<\/p><h3>Participation au dialogue interreligieux<\/h3><p>Les bah\u00e1&rsquo;\u00eds de Suisse ont jou\u00e9 un r\u00f4le actif dans la promotion du dialogue interreligieux sur diverses plateformes dans tout le pays et au niveau national.<\/p><h3>Education spirituelle des enfants<\/h3><p>Depuis les premiers jours, l&rsquo;\u00e9ducation des enfants a \u00e9t\u00e9 un \u00e9l\u00e9ment central de la vie de la communaut\u00e9 bah\u00e1&rsquo;\u00ede.<\/p><p>La communaut\u00e9 bah\u00e1&rsquo;\u00ede suisse s&rsquo;est efforc\u00e9e de favoriser le d\u00e9veloppement spirituel des enfants et des jeunes par le biais d&rsquo;un programme qui encourage l&rsquo;appr\u00e9ciation de l&rsquo;unit\u00e9 de la famille humaine et de l&rsquo;harmonie essentielle des traditions religieuses du monde. Ces cours mettent \u00e9galement l&rsquo;accent sur le d\u00e9veloppement des qualit\u00e9s spirituelles et des valeurs morales.<\/p><p>Propos\u00e9es gratuitement par les bah\u00e1&rsquo;\u00eds et leurs amis, ces classes de quartier sont ouvertes \u00e0 tous les enfants, cr\u00e9ant des espaces o\u00f9 ils peuvent apprendre et grandir ensemble.<\/p><p>Elle a offert une perspective et un exemple sans pr\u00e9tention concernant les questions urgentes que sont la paix mondiale, l\u2019avenir de la Suisse, la discrimination raciale, les pr\u00e9jug\u00e9s religieux, l\u2019int\u00e9gration et l\u2019\u00e9galit\u00e9 des femmes et des hommes.<br \/><br \/>D\u00e8s ses d\u00e9buts, la communaut\u00e9 a cultiv\u00e9 un environnement dans lequel les femmes de la communaut\u00e9 partagent pleinement les responsabilit\u00e9s avec les hommes. Le syst\u00e8me d\u2019\u00e9lections annuel se fait \u00e0 bulletins secrets, libre de toutes candidatures, de propagande \u00e9lectorale et de quota.<\/p>\t\t\t\t\t\t\t\t<\/div>\n\t\t\t\t<\/div>\n\t\t\t\t\t<\/div>\n\t\t<\/div>\n\t\t\t\t<div class=\"elementor-column elementor-col-50 elementor-top-column elementor-element elementor-element-6b051f97\" data-id=\"6b051f97\" data-element_type=\"column\" data-e-type=\"column\" data-settings=\"{&quot;background_background&quot;:&quot;classic&quot;}\">\n\t\t\t<div class=\"elementor-widget-wrap elementor-element-populated\">\n\t\t\t\t\t\t<div class=\"elementor-element elementor-element-70503ca9 elementor-widget elementor-widget-image\" data-id=\"70503ca9\" data-element_type=\"widget\" data-e-type=\"widget\" data-widget_type=\"image.default\">\n\t\t\t\t<div class=\"elementor-widget-container\">\n\t\t\t\t\t\t\t\t\t\t\t\t<figure class=\"wp-caption\">\n\t\t\t\t\t\t\t\t\t\t<img loading=\"lazy\" decoding=\"async\" width=\"562\" height=\"1000\" src=\"https:\/\/bahai.ch\/fr\/wp-content\/uploads\/sites\/2\/2025\/02\/switzerland-verydiversecommunity.jpg\" class=\"attachment-large size-large wp-image-15218\" alt=\"\" srcset=\"https:\/\/bahai.ch\/fr\/wp-content\/uploads\/sites\/2\/2025\/02\/switzerland-verydiversecommunity.jpg 562w, https:\/\/bahai.ch\/fr\/wp-content\/uploads\/sites\/2\/2025\/02\/switzerland-verydiversecommunity-169x300.jpg 169w\" sizes=\"(max-width: 562px) 100vw, 562px\" \/>\t\t\t\t\t\t\t\t\t\t\t<figcaption class=\"widget-image-caption wp-caption-text\">Activit\u00e9s de construction communautaire et de projets de service<\/figcaption>\n\t\t\t\t\t\t\t\t\t\t<\/figure>\n\t\t\t\t\t\t\t\t\t<\/div>\n\t\t\t\t<\/div>\n\t\t\t\t\t<\/div>\n\t\t<\/div>\n\t\t\t\t\t<\/div>\n\t\t<\/section>\n\t\t\t\t<section class=\"elementor-section elementor-top-section elementor-element elementor-element-7b1005 elementor-section-content-middle elementor-section-stretched elementor-section-boxed elementor-section-height-default elementor-section-height-default\" data-id=\"7b1005\" data-element_type=\"section\" data-e-type=\"section\" data-settings=\"{&quot;stretch_section&quot;:&quot;section-stretched&quot;,&quot;background_background&quot;:&quot;classic&quot;}\">\n\t\t\t\t\t\t\t<div class=\"elementor-background-overlay\"><\/div>\n\t\t\t\t\t\t\t<div class=\"elementor-container elementor-column-gap-default\">\n\t\t\t\t\t<div class=\"elementor-column elementor-col-100 elementor-top-column elementor-element elementor-element-7cc3eba1\" data-id=\"7cc3eba1\" data-element_type=\"column\" data-e-type=\"column\">\n\t\t\t<div class=\"elementor-widget-wrap elementor-element-populated\">\n\t\t\t\t\t\t<div class=\"elementor-element elementor-element-42ceafce elementor-widget elementor-widget-heading\" data-id=\"42ceafce\" data-element_type=\"widget\" data-e-type=\"widget\" data-widget_type=\"heading.default\">\n\t\t\t\t<div class=\"elementor-widget-container\">\n\t\t\t\t\t<span class=\"elementor-heading-title elementor-size-default\">\"Observez de vos propres yeux et non de ceux d'autrui\"<\/span>\t\t\t\t<\/div>\n\t\t\t\t<\/div>\n\t\t\t\t<div class=\"elementor-element elementor-element-26370a4b elementor-widget elementor-widget-heading\" data-id=\"26370a4b\" data-element_type=\"widget\" data-e-type=\"widget\" data-widget_type=\"heading.default\">\n\t\t\t\t<div class=\"elementor-widget-container\">\n\t\t\t\t\t<span class=\"elementor-heading-title elementor-size-default\">'Abdu'l-Bah\u00e1<\/span>\t\t\t\t<\/div>\n\t\t\t\t<\/div>\n\t\t\t\t\t<\/div>\n\t\t<\/div>\n\t\t\t\t\t<\/div>\n\t\t<\/section>\n\t\t\t\t<\/div>\n\t\t","protected":false},"excerpt":{"rendered":"<p>Une communaut\u00e9 centenaire La foi bah\u00e1\u2019\u00ede est pr\u00e9sente en Suisse depuis plus de 100 ans. Les premiers Suisses qui ont embrass\u00e9 ce nouveau message \u00e9taient Edith et Joseph de Bons. Ils vivaient \u00e0 Sion (VS). Pendant les d\u00e9cennies suivantes, ceux qui ont promu et mis en pratique les id\u00e9aux apport\u00e9s par le message de Bah\u00e1\u2019u\u2019ll\u00e1h [&hellip;]<\/p>\n","protected":false},"author":3,"featured_media":15112,"parent":0,"menu_order":0,"comment_status":"open","ping_status":"closed","template":"","meta":{"inline_featured_image":false,"footnotes":""},"class_list":["post-14210","page","type-page","status-publish","has-post-thumbnail","hentry"],"yoast_head":"<!-- This site is optimized with the Yoast SEO plugin v27.4 - https:\/\/yoast.com\/product\/yoast-seo-wordpress\/ -->\n<title>La foi bah\u00e1\u2019\u00ede en Suisse - Bah\u00e1&#039;\u00ed Suisse<\/title>\n<meta name=\"robots\" content=\"index, follow, max-snippet:-1, max-image-preview:large, max-video-preview:-1\" \/>\n<link rel=\"canonical\" href=\"https:\/\/bahai.ch\/fr\/la-foi-bahaie-en-suisse\/\" \/>\n<meta property=\"og:locale\" content=\"fr_FR\" \/>\n<meta property=\"og:type\" content=\"article\" \/>\n<meta property=\"og:title\" content=\"La foi bah\u00e1\u2019\u00ede en Suisse - Bah\u00e1&#039;\u00ed Suisse\" \/>\n<meta property=\"og:description\" content=\"Une communaut\u00e9 centenaire La foi bah\u00e1\u2019\u00ede est pr\u00e9sente en Suisse depuis plus de 100 ans. Les premiers Suisses qui ont embrass\u00e9 ce nouveau message \u00e9taient Edith et Joseph de Bons. Ils vivaient \u00e0 Sion (VS). Pendant les d\u00e9cennies suivantes, ceux qui ont promu et mis en pratique les id\u00e9aux apport\u00e9s par le message de Bah\u00e1\u2019u\u2019ll\u00e1h [&hellip;]\" \/>\n<meta property=\"og:url\" content=\"https:\/\/bahai.ch\/fr\/la-foi-bahaie-en-suisse\/\" \/>\n<meta property=\"og:site_name\" content=\"Bah\u00e1&#039;\u00ed Suisse\" \/>\n<meta property=\"article:modified_time\" content=\"2025-05-17T16:00:46+00:00\" \/>\n<meta property=\"og:image\" content=\"https:\/\/bahai.ch\/fr\/wp-content\/uploads\/sites\/2\/2025\/01\/iStock-6730274482.jpg\" \/>\n\t<meta property=\"og:image:width\" content=\"1500\" \/>\n\t<meta property=\"og:image:height\" content=\"1477\" \/>\n\t<meta property=\"og:image:type\" content=\"image\/jpeg\" \/>\n<meta name=\"twitter:card\" content=\"summary_large_image\" \/>\n<meta name=\"twitter:label1\" content=\"Dur\u00e9e de lecture estim\u00e9e\" \/>\n\t<meta name=\"twitter:data1\" content=\"3 minutes\" \/>\n<script type=\"application\/ld+json\" class=\"yoast-schema-graph\">{\"@context\":\"https:\\\/\\\/schema.org\",\"@graph\":[{\"@type\":\"WebPage\",\"@id\":\"https:\\\/\\\/bahai.ch\\\/fr\\\/la-foi-bahaie-en-suisse\\\/\",\"url\":\"https:\\\/\\\/bahai.ch\\\/fr\\\/la-foi-bahaie-en-suisse\\\/\",\"name\":\"La foi bah\u00e1\u2019\u00ede en Suisse - Bah\u00e1&#039;\u00ed Suisse\",\"isPartOf\":{\"@id\":\"https:\\\/\\\/bahai.ch\\\/fr\\\/#website\"},\"primaryImageOfPage\":{\"@id\":\"https:\\\/\\\/bahai.ch\\\/fr\\\/la-foi-bahaie-en-suisse\\\/#primaryimage\"},\"image\":{\"@id\":\"https:\\\/\\\/bahai.ch\\\/fr\\\/la-foi-bahaie-en-suisse\\\/#primaryimage\"},\"thumbnailUrl\":\"https:\\\/\\\/bahai.ch\\\/fr\\\/wp-content\\\/uploads\\\/sites\\\/2\\\/2025\\\/01\\\/iStock-6730274482.jpg\",\"datePublished\":\"2024-11-07T08:47:28+00:00\",\"dateModified\":\"2025-05-17T16:00:46+00:00\",\"breadcrumb\":{\"@id\":\"https:\\\/\\\/bahai.ch\\\/fr\\\/la-foi-bahaie-en-suisse\\\/#breadcrumb\"},\"inLanguage\":\"fr-FR\",\"potentialAction\":[{\"@type\":\"ReadAction\",\"target\":[\"https:\\\/\\\/bahai.ch\\\/fr\\\/la-foi-bahaie-en-suisse\\\/\"]}]},{\"@type\":\"ImageObject\",\"inLanguage\":\"fr-FR\",\"@id\":\"https:\\\/\\\/bahai.ch\\\/fr\\\/la-foi-bahaie-en-suisse\\\/#primaryimage\",\"url\":\"https:\\\/\\\/bahai.ch\\\/fr\\\/wp-content\\\/uploads\\\/sites\\\/2\\\/2025\\\/01\\\/iStock-6730274482.jpg\",\"contentUrl\":\"https:\\\/\\\/bahai.ch\\\/fr\\\/wp-content\\\/uploads\\\/sites\\\/2\\\/2025\\\/01\\\/iStock-6730274482.jpg\",\"width\":1500,\"height\":1477},{\"@type\":\"BreadcrumbList\",\"@id\":\"https:\\\/\\\/bahai.ch\\\/fr\\\/la-foi-bahaie-en-suisse\\\/#breadcrumb\",\"itemListElement\":[{\"@type\":\"ListItem\",\"position\":1,\"name\":\"Home\",\"item\":\"https:\\\/\\\/bahai.ch\\\/fr\\\/\"},{\"@type\":\"ListItem\",\"position\":2,\"name\":\"La foi bah\u00e1\u2019\u00ede en Suisse\"}]},{\"@type\":\"WebSite\",\"@id\":\"https:\\\/\\\/bahai.ch\\\/fr\\\/#website\",\"url\":\"https:\\\/\\\/bahai.ch\\\/fr\\\/\",\"name\":\"Bah\u00e1&#039;\u00ed Suisse\",\"description\":\"SITE OFFICIEL DES BAHA&#039;IS DE SUISSE\",\"potentialAction\":[{\"@type\":\"SearchAction\",\"target\":{\"@type\":\"EntryPoint\",\"urlTemplate\":\"https:\\\/\\\/bahai.ch\\\/fr\\\/?s={search_term_string}\"},\"query-input\":{\"@type\":\"PropertyValueSpecification\",\"valueRequired\":true,\"valueName\":\"search_term_string\"}}],\"inLanguage\":\"fr-FR\"}]}<\/script>\n<!-- \/ Yoast SEO plugin. -->","yoast_head_json":{"title":"La foi bah\u00e1\u2019\u00ede en Suisse - Bah\u00e1&#039;\u00ed Suisse","robots":{"index":"index","follow":"follow","max-snippet":"max-snippet:-1","max-image-preview":"max-image-preview:large","max-video-preview":"max-video-preview:-1"},"canonical":"https:\/\/bahai.ch\/fr\/la-foi-bahaie-en-suisse\/","og_locale":"fr_FR","og_type":"article","og_title":"La foi bah\u00e1\u2019\u00ede en Suisse - Bah\u00e1&#039;\u00ed Suisse","og_description":"Une communaut\u00e9 centenaire La foi bah\u00e1\u2019\u00ede est pr\u00e9sente en Suisse depuis plus de 100 ans. Les premiers Suisses qui ont embrass\u00e9 ce nouveau message \u00e9taient Edith et Joseph de Bons. Ils vivaient \u00e0 Sion (VS). Pendant les d\u00e9cennies suivantes, ceux qui ont promu et mis en pratique les id\u00e9aux apport\u00e9s par le message de Bah\u00e1\u2019u\u2019ll\u00e1h [&hellip;]","og_url":"https:\/\/bahai.ch\/fr\/la-foi-bahaie-en-suisse\/","og_site_name":"Bah\u00e1&#039;\u00ed Suisse","article_modified_time":"2025-05-17T16:00:46+00:00","og_image":[{"width":1500,"height":1477,"url":"https:\/\/bahai.ch\/fr\/wp-content\/uploads\/sites\/2\/2025\/01\/iStock-6730274482.jpg","type":"image\/jpeg"}],"twitter_card":"summary_large_image","twitter_misc":{"Dur\u00e9e de lecture estim\u00e9e":"3 minutes"},"schema":{"@context":"https:\/\/schema.org","@graph":[{"@type":"WebPage","@id":"https:\/\/bahai.ch\/fr\/la-foi-bahaie-en-suisse\/","url":"https:\/\/bahai.ch\/fr\/la-foi-bahaie-en-suisse\/","name":"La foi bah\u00e1\u2019\u00ede en Suisse - Bah\u00e1&#039;\u00ed Suisse","isPartOf":{"@id":"https:\/\/bahai.ch\/fr\/#website"},"primaryImageOfPage":{"@id":"https:\/\/bahai.ch\/fr\/la-foi-bahaie-en-suisse\/#primaryimage"},"image":{"@id":"https:\/\/bahai.ch\/fr\/la-foi-bahaie-en-suisse\/#primaryimage"},"thumbnailUrl":"https:\/\/bahai.ch\/fr\/wp-content\/uploads\/sites\/2\/2025\/01\/iStock-6730274482.jpg","datePublished":"2024-11-07T08:47:28+00:00","dateModified":"2025-05-17T16:00:46+00:00","breadcrumb":{"@id":"https:\/\/bahai.ch\/fr\/la-foi-bahaie-en-suisse\/#breadcrumb"},"inLanguage":"fr-FR","potentialAction":[{"@type":"ReadAction","target":["https:\/\/bahai.ch\/fr\/la-foi-bahaie-en-suisse\/"]}]},{"@type":"ImageObject","inLanguage":"fr-FR","@id":"https:\/\/bahai.ch\/fr\/la-foi-bahaie-en-suisse\/#primaryimage","url":"https:\/\/bahai.ch\/fr\/wp-content\/uploads\/sites\/2\/2025\/01\/iStock-6730274482.jpg","contentUrl":"https:\/\/bahai.ch\/fr\/wp-content\/uploads\/sites\/2\/2025\/01\/iStock-6730274482.jpg","width":1500,"height":1477},{"@type":"BreadcrumbList","@id":"https:\/\/bahai.ch\/fr\/la-foi-bahaie-en-suisse\/#breadcrumb","itemListElement":[{"@type":"ListItem","position":1,"name":"Home","item":"https:\/\/bahai.ch\/fr\/"},{"@type":"ListItem","position":2,"name":"La foi bah\u00e1\u2019\u00ede en Suisse"}]},{"@type":"WebSite","@id":"https:\/\/bahai.ch\/fr\/#website","url":"https:\/\/bahai.ch\/fr\/","name":"Bah\u00e1&#039;\u00ed Suisse","description":"SITE OFFICIEL DES BAHA&#039;IS DE SUISSE","potentialAction":[{"@type":"SearchAction","target":{"@type":"EntryPoint","urlTemplate":"https:\/\/bahai.ch\/fr\/?s={search_term_string}"},"query-input":{"@type":"PropertyValueSpecification","valueRequired":true,"valueName":"search_term_string"}}],"inLanguage":"fr-FR"}]}},"_links":{"self":[{"href":"https:\/\/bahai.ch\/fr\/wp-json\/wp\/v2\/pages\/14210","targetHints":{"allow":["GET"]}}],"collection":[{"href":"https:\/\/bahai.ch\/fr\/wp-json\/wp\/v2\/pages"}],"about":[{"href":"https:\/\/bahai.ch\/fr\/wp-json\/wp\/v2\/types\/page"}],"author":[{"embeddable":true,"href":"https:\/\/bahai.ch\/fr\/wp-json\/wp\/v2\/users\/3"}],"replies":[{"embeddable":true,"href":"https:\/\/bahai.ch\/fr\/wp-json\/wp\/v2\/comments?post=14210"}],"version-history":[{"count":69,"href":"https:\/\/bahai.ch\/fr\/wp-json\/wp\/v2\/pages\/14210\/revisions"}],"predecessor-version":[{"id":15427,"href":"https:\/\/bahai.ch\/fr\/wp-json\/wp\/v2\/pages\/14210\/revisions\/15427"}],"wp:featuredmedia":[{"embeddable":true,"href":"https:\/\/bahai.ch\/fr\/wp-json\/wp\/v2\/media\/15112"}],"wp:attachment":[{"href":"https:\/\/bahai.ch\/fr\/wp-json\/wp\/v2\/media?parent=14210"}],"curies":[{"name":"wp","href":"https:\/\/api.w.org\/{rel}","templated":true}]}}